{"id":1823,"date":"2019-03-18T09:14:02","date_gmt":"2019-03-18T08:14:02","guid":{"rendered":"https:\/\/advpeters.com\/?page_id=1823"},"modified":"2019-08-30T14:29:47","modified_gmt":"2019-08-30T12:29:47","slug":"avvocato-brasiliano","status":"publish","type":"page","link":"https:\/\/advpeters.com\/it\/avvocato-brasiliano\/","title":{"rendered":"I &#8211; FAMIGLIA E PATRIMONIO INTERNAZIONALE"},"content":{"rendered":"\n<style type=\"text\/css\" data-created_by=\"avia_inline_auto\" id=\"style-css-av-js5vgtuk-f784a0c8a3b072dba4d69d2004a039fa\">\n.avia-section.av-js5vgtuk-f784a0c8a3b072dba4d69d2004a039fa{\nbackground-repeat:no-repeat;\nbackground-image:url(https:\/\/advpeters.com\/wp-content\/uploads\/2019\/03\/banner-bg2.jpg);\nbackground-position:50% 0%;\nbackground-attachment:scroll;\n}\n.avia-section.av-js5vgtuk-f784a0c8a3b072dba4d69d2004a039fa .av-section-color-overlay{\nopacity:0.3;\nbackground-color:#000000;\n}\n<\/style>\n<div id='dienstleistungen-inner-banner'  class='avia-section av-js5vgtuk-f784a0c8a3b072dba4d69d2004a039fa main_color avia-section-huge avia-no-border-styling  avia-builder-el-0  el_before_av_section  avia-builder-el-first  avia-bg-style-scroll av-section-color-overlay-active container_wrap fullsize'  data-section-bg-repeat='no-repeat'><div class=\"av-section-color-overlay-wrap\"><div class=\"av-section-color-overlay\"><\/div><div class='container av-section-cont-open' ><main  role=\"main\" itemprop=\"mainContentOfPage\"  class='template-page content  av-content-full alpha units'><div class='post-entry post-entry-type-page post-entry-1823'><div class='entry-content-wrapper clearfix'>\n\n<style type=\"text\/css\" data-created_by=\"avia_inline_auto\" id=\"style-css-av-88clq-64e788f63c623e3973449fe29004c3d4\">\n#top .flex_column.av-88clq-64e788f63c623e3973449fe29004c3d4{\nmargin-top:50px;\nmargin-bottom:50px;\n}\n.flex_column.av-88clq-64e788f63c623e3973449fe29004c3d4{\nborder-radius:0px 0px 0px 0px;\npadding:0px 0px 0px 0px;\n}\n.responsive #top #wrap_all .flex_column.av-88clq-64e788f63c623e3973449fe29004c3d4{\nmargin-top:50px;\nmargin-bottom:50px;\n}\n<\/style>\n<div  class='flex_column av-88clq-64e788f63c623e3973449fe29004c3d4 av_one_full  avia-builder-el-1  avia-builder-el-no-sibling  first flex_column_div av-zero-column-padding  '     ><style type=\"text\/css\" data-created_by=\"avia_inline_auto\" id=\"style-css-av-jvc82y0e-c0fb2355978be7beaa207b5231327849\">\n#top .av-special-heading.av-jvc82y0e-c0fb2355978be7beaa207b5231327849{\npadding-bottom:10px;\ncolor:#ffffff;\nfont-size:40px;\n}\nbody .av-special-heading.av-jvc82y0e-c0fb2355978be7beaa207b5231327849 .av-special-heading-tag .heading-char{\nfont-size:25px;\n}\n#top #wrap_all .av-special-heading.av-jvc82y0e-c0fb2355978be7beaa207b5231327849 .av-special-heading-tag{\nfont-size:40px;\n}\n.av-special-heading.av-jvc82y0e-c0fb2355978be7beaa207b5231327849 .special-heading-inner-border{\nborder-color:#ffffff;\n}\n.av-special-heading.av-jvc82y0e-c0fb2355978be7beaa207b5231327849 .av-subheading{\nfont-size:15px;\n}\n\n@media only screen and (min-width: 768px) and (max-width: 989px){ \n#top #wrap_all .av-special-heading.av-jvc82y0e-c0fb2355978be7beaa207b5231327849 .av-special-heading-tag{\nfont-size:30px;\n}\n}\n\n@media only screen and (min-width: 480px) and (max-width: 767px){ \n#top #wrap_all .av-special-heading.av-jvc82y0e-c0fb2355978be7beaa207b5231327849 .av-special-heading-tag{\nfont-size:25px;\n}\n}\n\n@media only screen and (max-width: 479px){ \n#top #wrap_all .av-special-heading.av-jvc82y0e-c0fb2355978be7beaa207b5231327849 .av-special-heading-tag{\nfont-size:22px;\n}\n}\n<\/style>\n<div  class='av-special-heading av-jvc82y0e-c0fb2355978be7beaa207b5231327849 av-special-heading-h2 custom-color-heading blockquote modern-quote modern-centered  avia-builder-el-2  avia-builder-el-no-sibling  av-inherit-size'><h2 class='av-special-heading-tag'  itemprop=\"headline\"  >FAMIGLIA E SUCESSIONE INTERNZIONALE<\/h2><div class=\"special-heading-border\"><div class=\"special-heading-inner-border\"><\/div><\/div><\/div><\/div>\n\n<\/div><\/div><\/main><!-- close content main element --><\/div><\/div><\/div><div id='av_section_2'  class='avia-section av-d7yni-d2e33ac86adbd0f9de401a7479e93a21 main_color avia-section-default avia-no-border-styling  avia-builder-el-3  el_after_av_section  el_before_av_one_full  avia-bg-style-scroll container_wrap fullsize'  ><div class='container av-section-cont-open' ><div class='template-page content  av-content-full alpha units'><div class='post-entry post-entry-type-page post-entry-1823'><div class='entry-content-wrapper clearfix'>\n\n<style type=\"text\/css\" data-created_by=\"avia_inline_auto\" id=\"style-css-av-8k4zi-6f3cbc079c9647b08d5b4a77e22e1350\">\n.flex_column.av-8k4zi-6f3cbc079c9647b08d5b4a77e22e1350{\nborder-radius:0px 0px 0px 0px;\npadding:0px 0px 0px 0px;\n}\n<\/style>\n<div  class='flex_column av-8k4zi-6f3cbc079c9647b08d5b4a77e22e1350 av_one_full  avia-builder-el-4  avia-builder-el-no-sibling  first flex_column_div av-zero-column-padding  '     ><style type=\"text\/css\" data-created_by=\"avia_inline_auto\" id=\"style-css-av-jvc82fhg-17d52a1509220ff311b559dbc347094a\">\n#top .av-special-heading.av-jvc82fhg-17d52a1509220ff311b559dbc347094a{\npadding-bottom:10px;\ncolor:#174b87;\nfont-size:30px;\n}\nbody .av-special-heading.av-jvc82fhg-17d52a1509220ff311b559dbc347094a .av-special-heading-tag .heading-char{\nfont-size:25px;\n}\n#top #wrap_all .av-special-heading.av-jvc82fhg-17d52a1509220ff311b559dbc347094a .av-special-heading-tag{\nfont-size:30px;\n}\n.av-special-heading.av-jvc82fhg-17d52a1509220ff311b559dbc347094a .special-heading-inner-border{\nborder-color:#174b87;\n}\n.av-special-heading.av-jvc82fhg-17d52a1509220ff311b559dbc347094a .av-subheading{\nfont-size:15px;\n}\n\n@media only screen and (min-width: 768px) and (max-width: 989px){ \n#top #wrap_all .av-special-heading.av-jvc82fhg-17d52a1509220ff311b559dbc347094a .av-special-heading-tag{\nfont-size:25px;\n}\n}\n\n@media only screen and (min-width: 480px) and (max-width: 767px){ \n#top #wrap_all .av-special-heading.av-jvc82fhg-17d52a1509220ff311b559dbc347094a .av-special-heading-tag{\nfont-size:22px;\n}\n}\n\n@media only screen and (max-width: 479px){ \n#top #wrap_all .av-special-heading.av-jvc82fhg-17d52a1509220ff311b559dbc347094a .av-special-heading-tag{\nfont-size:20px;\n}\n}\n<\/style>\n<div  class='av-special-heading av-jvc82fhg-17d52a1509220ff311b559dbc347094a av-special-heading-h5 custom-color-heading blockquote modern-quote modern-centered  avia-builder-el-5  avia-builder-el-no-sibling  av-inherit-size'><h5 class='av-special-heading-tag'  itemprop=\"headline\"  >Famiglia e Sucessone Internazionale<\/h5><div class=\"special-heading-border\"><div class=\"special-heading-inner-border\"><\/div><\/div><\/div><\/div>\n<\/div><\/div><\/div><!-- close content main div --><\/div><\/div><div id='after_section_2'  class='main_color av_default_container_wrap container_wrap fullsize'  ><div class='container av-section-cont-open' ><div class='template-page content  av-content-full alpha units'><div class='post-entry post-entry-type-page post-entry-1823'><div class='entry-content-wrapper clearfix'>\n\n<style type=\"text\/css\" data-created_by=\"avia_inline_auto\" id=\"style-css-av-372p7j-b612901028af7d12253bf8225adf61f5\">\n.flex_column.av-372p7j-b612901028af7d12253bf8225adf61f5{\nborder-radius:0px 0px 0px 0px;\npadding:0px 0px 0px 0px;\n}\n<\/style>\n<div  class='flex_column av-372p7j-b612901028af7d12253bf8225adf61f5 av_one_full  avia-builder-el-6  el_after_av_section  el_before_av_one_half  avia-builder-el-first  first flex_column_div av-zero-column-padding  '     ><style type=\"text\/css\" data-created_by=\"avia_inline_auto\" id=\"style-css-av-jved0b6e-a950a3a49540a439a7bfbc8e8397cd6e\">\n.avia-image-container.av-jved0b6e-a950a3a49540a439a7bfbc8e8397cd6e img.avia_image{\nbox-shadow:none;\n}\n.avia-image-container.av-jved0b6e-a950a3a49540a439a7bfbc8e8397cd6e .av-image-caption-overlay-center{\ncolor:#ffffff;\n}\n<\/style>\n<div  class='avia-image-container av-jved0b6e-a950a3a49540a439a7bfbc8e8397cd6e av-styling- avia-align-center  avia-builder-el-7  avia-builder-el-no-sibling '   itemprop=\"image\" itemscope=\"itemscope\" itemtype=\"https:\/\/schema.org\/ImageObject\" ><div class=\"avia-image-container-inner\"><div class=\"avia-image-overlay-wrap\"><img decoding=\"async\" fetchpriority=\"high\" class='wp-image-2818 avia-img-lazy-loading-not-2818 avia_image ' src=\"https:\/\/advpeters.com\/wp-content\/uploads\/2019\/05\/IMG-20190329-WA0017-80x80.jpg\" alt='' title='IMG-20190329-WA0017'  height=\"80\" width=\"80\"  itemprop=\"thumbnailUrl\" srcset=\"https:\/\/advpeters.com\/wp-content\/uploads\/2019\/05\/IMG-20190329-WA0017-80x80.jpg 80w, https:\/\/advpeters.com\/wp-content\/uploads\/2019\/05\/IMG-20190329-WA0017-36x36.jpg 36w, https:\/\/advpeters.com\/wp-content\/uploads\/2019\/05\/IMG-20190329-WA0017-180x180.jpg 180w, https:\/\/advpeters.com\/wp-content\/uploads\/2019\/05\/IMG-20190329-WA0017-120x120.jpg 120w, https:\/\/advpeters.com\/wp-content\/uploads\/2019\/05\/IMG-20190329-WA0017-450x450.jpg 450w\" sizes=\"(max-width: 80px) 100vw, 80px\" \/><\/div><\/div><\/div><\/div>\n\n<style type=\"text\/css\" data-created_by=\"avia_inline_auto\" id=\"style-css-av-86bob3-2d111ae041d9c90940b08253217e1d35\">\n.flex_column.av-86bob3-2d111ae041d9c90940b08253217e1d35{\nborder-radius:0px 0px 0px 0px;\npadding:0px 0px 0px 0px;\n}\n<\/style>\n<div  class='flex_column av-86bob3-2d111ae041d9c90940b08253217e1d35 av_one_half  avia-builder-el-8  el_after_av_one_full  el_before_av_one_half  first flex_column_div av-zero-column-padding  column-top-margin'     ><style type=\"text\/css\" data-created_by=\"avia_inline_auto\" id=\"style-css-av-jveco5y8-dfc9aea0a397e8bc7f07b2bc0488155e\">\n#top .av_textblock_section.av-jveco5y8-dfc9aea0a397e8bc7f07b2bc0488155e .avia_textblock{\ncolor:#1b1b1b;\n}\n<\/style>\n<section  class='av_textblock_section av-jveco5y8-dfc9aea0a397e8bc7f07b2bc0488155e '   itemscope=\"itemscope\" itemtype=\"https:\/\/schema.org\/CreativeWork\" ><div class='avia_textblock av_inherit_color'  itemprop=\"text\" ><p><strong>Il diritto di famiglia<\/strong><\/p>\n<p style=\"text-align: justify;\">Il diritto di famiglia regola il diritto durante la vita: regola le regole di convivenza tra persone unite da un vincolo affettivo o parentela e le conseguenze patrimoniali che ne derivano;<\/p>\n<\/div><\/section><\/div>\n\n<style type=\"text\/css\" data-created_by=\"avia_inline_auto\" id=\"style-css-av-lkcxr-03692b7140d92b4154e71f4555936385\">\n.flex_column.av-lkcxr-03692b7140d92b4154e71f4555936385{\nborder-radius:0px 0px 0px 0px;\npadding:0px 0px 0px 0px;\n}\n<\/style>\n<div  class='flex_column av-lkcxr-03692b7140d92b4154e71f4555936385 av_one_half  avia-builder-el-10  el_after_av_one_half  el_before_av_one_full  flex_column_div av-zero-column-padding  column-top-margin'     ><style type=\"text\/css\" data-created_by=\"avia_inline_auto\" id=\"style-css-av-jvecpqb2-3ab38087835c8176aad7599b1463c703\">\n#top .av_textblock_section.av-jvecpqb2-3ab38087835c8176aad7599b1463c703 .avia_textblock{\ncolor:#1b1b1b;\n}\n<\/style>\n<section  class='av_textblock_section av-jvecpqb2-3ab38087835c8176aad7599b1463c703 '   itemscope=\"itemscope\" itemtype=\"https:\/\/schema.org\/CreativeWork\" ><div class='avia_textblock av_inherit_color'  itemprop=\"text\" ><p><strong>Il diritto successorio <\/strong><\/p>\n<p style=\"text-align: justify;\">regola il diritto dopo la morte: il trasferimento dell&#8217;eredit\u00e0 o del lascito all&#8217;erede o legatario dopo la morte di una persona, in virt\u00f9 della legge o della volont\u00e0.<\/p>\n<\/div><\/section><\/div>\n\n<style type=\"text\/css\" data-created_by=\"avia_inline_auto\" id=\"style-css-av-2vnltr-e59f44ccd2a227b4d248b8dcb568424e\">\n.flex_column.av-2vnltr-e59f44ccd2a227b4d248b8dcb568424e{\nborder-radius:0px 0px 0px 0px;\npadding:0px 0px 0px 0px;\n}\n<\/style>\n<div  class='flex_column av-2vnltr-e59f44ccd2a227b4d248b8dcb568424e av_one_full  avia-builder-el-12  el_after_av_one_half  el_before_av_one_fifth  first flex_column_div av-zero-column-padding  column-top-margin'     ><style type=\"text\/css\" data-created_by=\"avia_inline_auto\" id=\"style-css-av-jvc818a0-85b2e0b4cbd32458a8b60c3631e9f906\">\n#top .av_textblock_section.av-jvc818a0-85b2e0b4cbd32458a8b60c3631e9f906 .avia_textblock{\ncolor:#1b1b1b;\n}\n<\/style>\n<section  class='av_textblock_section av-jvc818a0-85b2e0b4cbd32458a8b60c3631e9f906 '   itemscope=\"itemscope\" itemtype=\"https:\/\/schema.org\/CreativeWork\" ><div class='avia_textblock av_inherit_color'  itemprop=\"text\" ><h3 style=\"text-align: center;\">Il studio legale &#8220;Peters Advogados Associados&#8221; fornisce consulenza nei seguenti settori del diritto di famiglia:<\/h3>\n<\/div><\/section><\/div>\n\n<style type=\"text\/css\" data-created_by=\"avia_inline_auto\" id=\"style-css-av-4fdkbz-1f33c2c1079cb03efa990bae73b8685b\">\n.flex_column.av-4fdkbz-1f33c2c1079cb03efa990bae73b8685b{\nborder-radius:0px 0px 0px 0px;\npadding:0px 0px 0px 0px;\n}\n<\/style>\n<div  class='flex_column av-4fdkbz-1f33c2c1079cb03efa990bae73b8685b av_one_fifth  avia-builder-el-14  el_after_av_one_full  el_before_av_three_fifth  first flex_column_div av-zero-column-padding  column-top-margin'     ><\/div>\n\n<style type=\"text\/css\" data-created_by=\"avia_inline_auto\" id=\"style-css-av-jvechk24-d664ee42f3b688df9bf355a82993dcd1\">\n@keyframes av_boxShadowEffect_av-jvechk24-d664ee42f3b688df9bf355a82993dcd1-column {\n0%   { box-shadow:  0 0 0 0 #565656; opacity: 1; }\n100% { box-shadow:  0 0 10px 0 #565656; opacity: 1; }\n}\n.flex_column.av-jvechk24-d664ee42f3b688df9bf355a82993dcd1{\nbox-shadow: 0 0 10px 0 #565656;\nborder-radius:0px 0px 0px 0px;\npadding:30px 30px 30px 30px;\n}\n<\/style>\n<div  class='flex_column av-jvechk24-d664ee42f3b688df9bf355a82993dcd1 av_three_fifth  avia-builder-el-15  el_after_av_one_fifth  el_before_av_one_fifth  flex_column_div shadow-not-animated  column-top-margin'     ><style type=\"text\/css\" data-created_by=\"avia_inline_auto\" id=\"style-css-av-jvecjzc9-3112515762e9cd148732e6b2dade87bf\">\n#top .av_textblock_section.av-jvecjzc9-3112515762e9cd148732e6b2dade87bf .avia_textblock{\ncolor:#1b1b1b;\n}\n<\/style>\n<section  class='av_textblock_section av-jvecjzc9-3112515762e9cd148732e6b2dade87bf '   itemscope=\"itemscope\" itemtype=\"https:\/\/schema.org\/CreativeWork\" ><div class='avia_textblock av_inherit_color'  itemprop=\"text\" ><p style=\"text-align: left;\"><strong>Consulenza in materia di diritto di famiglia e successione (nazionale e internazionale)<\/strong><\/p>\n<ul>\n<li>Cause e ricorsi in giudizio<\/li>\n<li>Consulenze di diritto brasiliano e svizzero<\/li>\n<li>Consulenza preventiva ed extragiudiziale<\/li>\n<\/ul>\n<p><strong>Matrimonio e unione stabile<\/strong><\/p>\n<p style=\"text-align: justify;\">Un avvocato familiare pu\u00f2 fornire indicazioni nella pianificazione successoria della vita per due persone, per quanto riguarda la scelta del regime patrimoniale da adottare dopo il matrimonio o l&#8217;unione stabile, evitando preoccupazioni future e garantendo la sicurezza giuridica del patrimonio individuale e comune della coppia.<\/p>\n<p><strong>Patti prematrimoniali e contratti di unione stabile<\/strong><\/p>\n<p style=\"text-align: justify;\">Il patto prematrimoniale, \u00e8 il documento che permette alla coppia o ai conviventi di determinare il regime patrimoniale, oltre alla comunione parziale dei beni, che regoler\u00e0 il matrimonio o l&#8217;unione stabile.<\/p>\n<p><strong>Separazione<\/strong><\/p>\n<p style=\"text-align: justify;\">In separazione sia l&#8217;uomo che la donna non hanno pi\u00f9 bisogno di mantenere i doveri del matrimonio, ma solo dopo il divorzio possono risposarsi. Questo \u00e8 il motivo per cui molte coppie, che hanno fatto solo una separazione legale, devono convertire la separazione in divorzio.<\/p>\n<p><strong>Divorzio<\/strong><\/p>\n<ul>\n<li>Divorzio consensuale (divorzio amichevole)<\/li>\n<li>Divorzio consensuale in tribunale: c&#8217;\u00e8 un accordo sulla fine del matrimonio, la condivisione della propriet\u00e0, la custodia dei figli e gli eventuali alimenti.<\/li>\n<li>Divorzio consensuale (amichevole)<\/li>\n<\/ul>\n<p style=\"text-align: justify;\">Nel notaio (extragiudiziale) quando la coppia \u00e8 d&#8217;accordo e non ha figli minorenni o incapaci. E &#8216;necessaria la presenza di un avvocato (i coniugi possono avere diversi avvocati o un solo avvocato per entrambi).<\/p>\n<p><strong>Divorzio litigioso<\/strong><\/p>\n<p style=\"text-align: justify;\">Si verifica quando la coppia non pu\u00f2 raggiungere un accordo su uno o pi\u00f9 termini dello scioglimento del matrimonio e vi \u00e8 la necessit\u00e0 di un giudice per risolvere il conflitto.<\/p>\n<p><strong>Azione di alimenti<\/strong><\/p>\n<p style=\"text-align: justify;\">Gli alimenti servono a fornire mezzi di sussistenza a un figlio minorenne o coniuge senza risorse e soddisfare le esigenze di sopravvivenza. L&#8217;obbligazione alimentare deriva dal potere familiare, dal vincolo di parentela e dallo scioglimento del matrimonio e\/o dell&#8217;unione stabile.<\/p>\n<p><strong>Custodia condivisa<\/strong><\/p>\n<p style=\"text-align: justify;\">Custodia condivisa: Considerata una divisione standard dal 2014, \u00e8 la situazione in cui madre e padre di un bambino non vivono insieme, ma condividono le responsabilit\u00e0 legali e affettive con il proprio figlio, cercando cos\u00ec una convivenza armoniosa e sana. Ci sono eccezioni quando uno dei due non \u00e8 in grado di esercitare il potere familiare o non \u00e8 interessato all&#8217;affidamento del bambino.<\/p>\n<p><strong>Indagine di paternit\u00e0<\/strong><\/p>\n<p style=\"text-align: justify;\">Se il bambino \u00e8 stato registrato solo con il nome della madre sul suo certificato di nascita: l&#8217;Ufficio del Registro delle nascite deve informare il pubblico ministero, che cercher\u00e0 di contattare la madre del bambino e il presunto padre, al fine di cercare di riconoscere la paternit\u00e0 in modo amichevole. Se il padre non viene trovato o rifiuta di riconoscere la paternit\u00e0, sar\u00e0 intentata una causa. Sar\u00e0 richiesto l&#8217;esame del DNA.<\/p>\n<p><strong>L&#8217;adozione<\/strong><\/p>\n<p style=\"text-align: justify;\">L&#8217;et\u00e0 minima per l&#8217;adozione \u00e8 di 18 anni, indipendentemente dallo stato civile, a condizione che sia rispettata la differenza di 16 anni tra la persona che desidera adottare e il bambino da allevare. Sar\u00e0 necessario presentare una petizione &#8211; preparata da un difensore pubblico o da un avvocato privato &#8211; per avviare la procedura di registrazione per l&#8217;adozione. Solo dopo l&#8217;approvazione, il vostro nome potr\u00e0 comparire nei registri locali e nazionali dei candidati all&#8217;adozione.<\/p>\n<ul>\n<li>Chi pu\u00f2 adottare?<\/li>\n<li>In adozione nazionale, brasiliani o stranieri residenti in Brasile.<\/li>\n<li>In adozione internazionale, brasiliani o stranieri residenti all&#8217;estero.<\/li>\n<\/ul>\n<p><strong>Tutela <\/strong><\/p>\n<p style=\"text-align: justify;\">La tutela di un minore \u00e8 concessa a qualcuno solo quando il potere familiare non esiste pi\u00f9, sia per la morte di entrambi i genitori, o perch\u00e9 sono stati rimossi o sospesi dal potere familiare, la tutela pu\u00f2 anche essere concessa a qualcuno per legge o per testamento, e pu\u00f2 essere quello di amministrare la propriet\u00e0 e dirigere o la cura di una persona minorenne, cos\u00ec come lo rappresentano e confermano che egli \u00e8 sempre assistito e ricevere protezione, difesa, protezione, protezione, ecc.<\/p>\n<p><strong>Atti relativi al trasferimento di beni per successione<\/strong><\/p>\n<p><strong>Pianificazione successoria<\/strong><\/p>\n<p style=\"text-align: justify;\">Instrumento legale, preventivo e presumibilmente efficace per evitare conflitti tra eredi, che mira all&#8217;effettivo ed efficiente trasferimento dei beni di una persona dopo la sua morte.<\/p>\n<p style=\"text-align: justify;\">L&#8217;eredit\u00e0 si verifica quando una persona lascia i suoi beni ai suoi eredi, attraverso un testamento valido. Inventario e condivisione dei beniGli eredi devono iniziare l&#8217;inventario e la condivisione dei beni entro 60 giorni dalla morte. L&#8217;inventario pu\u00f2 essere inteso come l&#8217;elencazione di beni, diritti, debiti e identificazione degli eredi. Alla fine dell&#8217;inventario ci sar\u00e0 una condivisione, dove ogni erede ricever\u00e0 la sua quota dell&#8217;eredit\u00e0.<\/p>\n<\/div><\/section><\/div>\n\n<style type=\"text\/css\" data-created_by=\"avia_inline_auto\" id=\"style-css-av-27e6xb-8de3951824bc66537d4c1dfef0894025\">\n.flex_column.av-27e6xb-8de3951824bc66537d4c1dfef0894025{\nborder-radius:0px 0px 0px 0px;\npadding:0px 0px 0px 0px;\n}\n<\/style>\n<div  class='flex_column av-27e6xb-8de3951824bc66537d4c1dfef0894025 av_one_fifth  avia-builder-el-17  el_after_av_three_fifth  avia-builder-el-last  flex_column_div av-zero-column-padding  column-top-margin'     ><\/div>\n","protected":false},"excerpt":{"rendered":"","protected":false},"author":4,"featured_media":0,"parent":0,"menu_order":0,"comment_status":"closed","ping_status":"closed","template":"","meta":{"footnotes":""},"class_list":["post-1823","page","type-page","status-publish","hentry"],"yoast_head":"<!-- This site is optimized with the Yoast SEO plugin v19.8 - https:\/\/yoast.com\/wordpress\/plugins\/seo\/ -->\n<title>Peters Advogados Associados | Diritto di famiglia e diritto successorio internazionale a Zurigo<\/title>\n<meta name=\"description\" content=\"Avvocati brasiliani per il diritto di famiglia a Zurigo. Peters Advogados Associados rappresenta i clienti della Svizzera e del Brasile in materia di divorzio e custodia.\" \/>\n<meta name=\"robots\" content=\"index, follow, max-snippet:-1, max-image-preview:large, max-video-preview:-1\" \/>\n<link rel=\"canonical\" href=\"https:\/\/advpeters.com\/it\/avvocato-brasiliano\/\" \/>\n<meta property=\"og:locale\" content=\"it_IT\" \/>\n<meta property=\"og:type\" content=\"article\" \/>\n<meta property=\"og:title\" content=\"Peters Advogados Associados | Diritto di famiglia e diritto successorio internazionale a Zurigo\" \/>\n<meta property=\"og:description\" content=\"Avvocati brasiliani per il diritto di famiglia a Zurigo. Peters Advogados Associados rappresenta i clienti della Svizzera e del Brasile in materia di divorzio e custodia.\" \/>\n<meta property=\"og:url\" content=\"https:\/\/advpeters.com\/it\/avvocato-brasiliano\/\" \/>\n<meta property=\"og:site_name\" content=\"ADV Peters\" \/>\n<meta property=\"article:modified_time\" content=\"2019-08-30T12:29:47+00:00\" \/>\n<meta name=\"twitter:card\" content=\"summary_large_image\" \/>\n<meta name=\"twitter:label1\" content=\"Tempo di lettura stimato\" \/>\n\t<meta name=\"twitter:data1\" content=\"12 minuti\" \/>\n<script type=\"application\/ld+json\" class=\"yoast-schema-graph\">{\"@context\":\"https:\/\/schema.org\",\"@graph\":[{\"@type\":\"WebPage\",\"@id\":\"https:\/\/advpeters.com\/it\/avvocato-brasiliano\/\",\"url\":\"https:\/\/advpeters.com\/it\/avvocato-brasiliano\/\",\"name\":\"Peters Advogados Associados | Diritto di famiglia e diritto successorio internazionale a Zurigo\",\"isPartOf\":{\"@id\":\"https:\/\/advpeters.com\/pt-br\/#website\"},\"datePublished\":\"2019-03-18T08:14:02+00:00\",\"dateModified\":\"2019-08-30T12:29:47+00:00\",\"description\":\"Avvocati brasiliani per il diritto di famiglia a Zurigo. Peters Advogados Associados rappresenta i clienti della Svizzera e del Brasile in materia di divorzio e custodia.\",\"breadcrumb\":{\"@id\":\"https:\/\/advpeters.com\/it\/avvocato-brasiliano\/#breadcrumb\"},\"inLanguage\":\"it-IT\",\"potentialAction\":[{\"@type\":\"ReadAction\",\"target\":[\"https:\/\/advpeters.com\/it\/avvocato-brasiliano\/\"]}]},{\"@type\":\"BreadcrumbList\",\"@id\":\"https:\/\/advpeters.com\/it\/avvocato-brasiliano\/#breadcrumb\",\"itemListElement\":[{\"@type\":\"ListItem\",\"position\":1,\"name\":\"Home\",\"item\":\"https:\/\/advpeters.com\/it\/home\/\"},{\"@type\":\"ListItem\",\"position\":2,\"name\":\"I &#8211; FAMIGLIA E PATRIMONIO INTERNAZIONALE\"}]},{\"@type\":\"WebSite\",\"@id\":\"https:\/\/advpeters.com\/pt-br\/#website\",\"url\":\"https:\/\/advpeters.com\/pt-br\/\",\"name\":\"ADV Peters\",\"description\":\"Anw\u00e4lte-Netzwerk\",\"potentialAction\":[{\"@type\":\"SearchAction\",\"target\":{\"@type\":\"EntryPoint\",\"urlTemplate\":\"https:\/\/advpeters.com\/pt-br\/?s={search_term_string}\"},\"query-input\":\"required name=search_term_string\"}],\"inLanguage\":\"it-IT\"}]}<\/script>\n<!-- \/ Yoast SEO plugin. -->","yoast_head_json":{"title":"Peters Advogados Associados | Diritto di famiglia e diritto successorio internazionale a Zurigo","description":"Avvocati brasiliani per il diritto di famiglia a Zurigo. Peters Advogados Associados rappresenta i clienti della Svizzera e del Brasile in materia di divorzio e custodia.","robots":{"index":"index","follow":"follow","max-snippet":"max-snippet:-1","max-image-preview":"max-image-preview:large","max-video-preview":"max-video-preview:-1"},"canonical":"https:\/\/advpeters.com\/it\/avvocato-brasiliano\/","og_locale":"it_IT","og_type":"article","og_title":"Peters Advogados Associados | Diritto di famiglia e diritto successorio internazionale a Zurigo","og_description":"Avvocati brasiliani per il diritto di famiglia a Zurigo. Peters Advogados Associados rappresenta i clienti della Svizzera e del Brasile in materia di divorzio e custodia.","og_url":"https:\/\/advpeters.com\/it\/avvocato-brasiliano\/","og_site_name":"ADV Peters","article_modified_time":"2019-08-30T12:29:47+00:00","twitter_card":"summary_large_image","twitter_misc":{"Tempo di lettura stimato":"12 minuti"},"schema":{"@context":"https:\/\/schema.org","@graph":[{"@type":"WebPage","@id":"https:\/\/advpeters.com\/it\/avvocato-brasiliano\/","url":"https:\/\/advpeters.com\/it\/avvocato-brasiliano\/","name":"Peters Advogados Associados | Diritto di famiglia e diritto successorio internazionale a Zurigo","isPartOf":{"@id":"https:\/\/advpeters.com\/pt-br\/#website"},"datePublished":"2019-03-18T08:14:02+00:00","dateModified":"2019-08-30T12:29:47+00:00","description":"Avvocati brasiliani per il diritto di famiglia a Zurigo. Peters Advogados Associados rappresenta i clienti della Svizzera e del Brasile in materia di divorzio e custodia.","breadcrumb":{"@id":"https:\/\/advpeters.com\/it\/avvocato-brasiliano\/#breadcrumb"},"inLanguage":"it-IT","potentialAction":[{"@type":"ReadAction","target":["https:\/\/advpeters.com\/it\/avvocato-brasiliano\/"]}]},{"@type":"BreadcrumbList","@id":"https:\/\/advpeters.com\/it\/avvocato-brasiliano\/#breadcrumb","itemListElement":[{"@type":"ListItem","position":1,"name":"Home","item":"https:\/\/advpeters.com\/it\/home\/"},{"@type":"ListItem","position":2,"name":"I &#8211; FAMIGLIA E PATRIMONIO INTERNAZIONALE"}]},{"@type":"WebSite","@id":"https:\/\/advpeters.com\/pt-br\/#website","url":"https:\/\/advpeters.com\/pt-br\/","name":"ADV Peters","description":"Anw\u00e4lte-Netzwerk","potentialAction":[{"@type":"SearchAction","target":{"@type":"EntryPoint","urlTemplate":"https:\/\/advpeters.com\/pt-br\/?s={search_term_string}"},"query-input":"required name=search_term_string"}],"inLanguage":"it-IT"}]}},"_links":{"self":[{"href":"https:\/\/advpeters.com\/it\/wp-json\/wp\/v2\/pages\/1823","targetHints":{"allow":["GET"]}}],"collection":[{"href":"https:\/\/advpeters.com\/it\/wp-json\/wp\/v2\/pages"}],"about":[{"href":"https:\/\/advpeters.com\/it\/wp-json\/wp\/v2\/types\/page"}],"author":[{"embeddable":true,"href":"https:\/\/advpeters.com\/it\/wp-json\/wp\/v2\/users\/4"}],"replies":[{"embeddable":true,"href":"https:\/\/advpeters.com\/it\/wp-json\/wp\/v2\/comments?post=1823"}],"version-history":[{"count":13,"href":"https:\/\/advpeters.com\/it\/wp-json\/wp\/v2\/pages\/1823\/revisions"}],"predecessor-version":[{"id":2838,"href":"https:\/\/advpeters.com\/it\/wp-json\/wp\/v2\/pages\/1823\/revisions\/2838"}],"wp:attachment":[{"href":"https:\/\/advpeters.com\/it\/wp-json\/wp\/v2\/media?parent=1823"}],"curies":[{"name":"wp","href":"https:\/\/api.w.org\/{rel}","templated":true}]}}