{"id":1998,"date":"2019-03-20T15:51:09","date_gmt":"2019-03-20T14:51:09","guid":{"rendered":"https:\/\/advpeters.com\/?page_id=1998"},"modified":"2019-09-15T12:01:07","modified_gmt":"2019-09-15T10:01:07","slug":"p-estruturacao-nacional-e-internacional-de-ativos","status":"publish","type":"page","link":"https:\/\/advpeters.com\/pt-br\/p-estruturacao-nacional-e-internacional-de-ativos\/","title":{"rendered":"P &#8211; ESTRUTURA\u00c7\u00c3O NACIONAL E INTERNACIONAL DE ATIVOS"},"content":{"rendered":"\n<style type=\"text\/css\" data-created_by=\"avia_inline_auto\" id=\"style-css-av-js5vgtuk-f784a0c8a3b072dba4d69d2004a039fa\">\n.avia-section.av-js5vgtuk-f784a0c8a3b072dba4d69d2004a039fa{\nbackground-repeat:no-repeat;\nbackground-image:url(https:\/\/advpeters.com\/wp-content\/uploads\/2019\/03\/banner-bg2.jpg);\nbackground-position:50% 0%;\nbackground-attachment:scroll;\n}\n.avia-section.av-js5vgtuk-f784a0c8a3b072dba4d69d2004a039fa .av-section-color-overlay{\nopacity:0.3;\nbackground-color:#000000;\n}\n<\/style>\n<div id='dienstleistungen-inner-banner'  class='avia-section av-js5vgtuk-f784a0c8a3b072dba4d69d2004a039fa main_color avia-section-huge avia-no-border-styling  avia-builder-el-0  el_before_av_section  avia-builder-el-first  avia-bg-style-scroll av-section-color-overlay-active container_wrap fullsize'  data-section-bg-repeat='no-repeat'><div class=\"av-section-color-overlay-wrap\"><div class=\"av-section-color-overlay\"><\/div><div class='container av-section-cont-open' ><main  role=\"main\" itemprop=\"mainContentOfPage\"  class='template-page content  av-content-full alpha units'><div class='post-entry post-entry-type-page post-entry-1998'><div class='entry-content-wrapper clearfix'>\n\n<style type=\"text\/css\" data-created_by=\"avia_inline_auto\" id=\"style-css-av-88clq-64e788f63c623e3973449fe29004c3d4\">\n#top .flex_column.av-88clq-64e788f63c623e3973449fe29004c3d4{\nmargin-top:50px;\nmargin-bottom:50px;\n}\n.flex_column.av-88clq-64e788f63c623e3973449fe29004c3d4{\nborder-radius:0px 0px 0px 0px;\npadding:0px 0px 0px 0px;\n}\n.responsive #top #wrap_all .flex_column.av-88clq-64e788f63c623e3973449fe29004c3d4{\nmargin-top:50px;\nmargin-bottom:50px;\n}\n<\/style>\n<div  class='flex_column av-88clq-64e788f63c623e3973449fe29004c3d4 av_one_full  avia-builder-el-1  avia-builder-el-no-sibling  first flex_column_div av-zero-column-padding  '     ><style type=\"text\/css\" data-created_by=\"avia_inline_auto\" id=\"style-css-av-jvv30tjr-ebc4670ef3fdbf40587667b40b69bac7\">\n#top .av-special-heading.av-jvv30tjr-ebc4670ef3fdbf40587667b40b69bac7{\npadding-bottom:10px;\ncolor:#ffffff;\nfont-size:40px;\n}\nbody .av-special-heading.av-jvv30tjr-ebc4670ef3fdbf40587667b40b69bac7 .av-special-heading-tag .heading-char{\nfont-size:25px;\n}\n#top #wrap_all .av-special-heading.av-jvv30tjr-ebc4670ef3fdbf40587667b40b69bac7 .av-special-heading-tag{\nfont-size:40px;\n}\n.av-special-heading.av-jvv30tjr-ebc4670ef3fdbf40587667b40b69bac7 .special-heading-inner-border{\nborder-color:#ffffff;\n}\n.av-special-heading.av-jvv30tjr-ebc4670ef3fdbf40587667b40b69bac7 .av-subheading{\nfont-size:15px;\n}\n\n@media only screen and (min-width: 768px) and (max-width: 989px){ \n#top #wrap_all .av-special-heading.av-jvv30tjr-ebc4670ef3fdbf40587667b40b69bac7 .av-special-heading-tag{\nfont-size:30px;\n}\n}\n\n@media only screen and (min-width: 480px) and (max-width: 767px){ \n#top #wrap_all .av-special-heading.av-jvv30tjr-ebc4670ef3fdbf40587667b40b69bac7 .av-special-heading-tag{\nfont-size:25px;\n}\n}\n\n@media only screen and (max-width: 479px){ \n#top #wrap_all .av-special-heading.av-jvv30tjr-ebc4670ef3fdbf40587667b40b69bac7 .av-special-heading-tag{\nfont-size:22px;\n}\n}\n<\/style>\n<div  class='av-special-heading av-jvv30tjr-ebc4670ef3fdbf40587667b40b69bac7 av-special-heading-h2 custom-color-heading blockquote modern-quote modern-centered  avia-builder-el-2  avia-builder-el-no-sibling  av-inherit-size'><h2 class='av-special-heading-tag'  itemprop=\"headline\"  >ESTRUTURA\u00c7\u00c3O DE ATIVOS NACIONAIS E INTERNACIONAIS<\/h2><div class=\"special-heading-border\"><div class=\"special-heading-inner-border\"><\/div><\/div><\/div><\/div>\n\n<\/div><\/div><\/main><!-- close content main element --><\/div><\/div><\/div><div id='av_section_2'  class='avia-section av-d7yni-d2e33ac86adbd0f9de401a7479e93a21 main_color avia-section-default avia-no-border-styling  avia-builder-el-3  el_after_av_section  el_before_av_one_third  avia-bg-style-scroll container_wrap fullsize'  ><div class='container av-section-cont-open' ><div class='template-page content  av-content-full alpha units'><div class='post-entry post-entry-type-page post-entry-1998'><div class='entry-content-wrapper clearfix'>\n\n<style type=\"text\/css\" data-created_by=\"avia_inline_auto\" id=\"style-css-av-jvoxwhv0-7fdc7068a7ca5823fe61c22216563066\">\n.avia-image-container.av-jvoxwhv0-7fdc7068a7ca5823fe61c22216563066 img.avia_image{\nbox-shadow:none;\n}\n.avia-image-container.av-jvoxwhv0-7fdc7068a7ca5823fe61c22216563066 .av-image-caption-overlay-center{\ncolor:#ffffff;\n}\n<\/style>\n<div  class='avia-image-container av-jvoxwhv0-7fdc7068a7ca5823fe61c22216563066 av-styling- avia-align-center  avia-builder-el-4  el_before_av_textblock  avia-builder-el-first '   itemprop=\"image\" itemscope=\"itemscope\" itemtype=\"https:\/\/schema.org\/ImageObject\" ><div class=\"avia-image-container-inner\"><div class=\"avia-image-overlay-wrap\"><img decoding=\"async\" fetchpriority=\"high\" class='wp-image-2815 avia-img-lazy-loading-not-2815 avia_image ' src=\"https:\/\/advpeters.com\/wp-content\/uploads\/2019\/05\/IMG-20190329-WA0017-80x80.jpg\" alt='' title='IMG-20190329-WA0017'  height=\"80\" width=\"80\"  itemprop=\"thumbnailUrl\" srcset=\"https:\/\/advpeters.com\/wp-content\/uploads\/2019\/05\/IMG-20190329-WA0017-80x80.jpg 80w, https:\/\/advpeters.com\/wp-content\/uploads\/2019\/05\/IMG-20190329-WA0017-36x36.jpg 36w, https:\/\/advpeters.com\/wp-content\/uploads\/2019\/05\/IMG-20190329-WA0017-180x180.jpg 180w, https:\/\/advpeters.com\/wp-content\/uploads\/2019\/05\/IMG-20190329-WA0017-120x120.jpg 120w, https:\/\/advpeters.com\/wp-content\/uploads\/2019\/05\/IMG-20190329-WA0017-450x450.jpg 450w\" sizes=\"(max-width: 80px) 100vw, 80px\" \/><\/div><\/div><\/div>\n\n<style type=\"text\/css\" data-created_by=\"avia_inline_auto\" id=\"style-css-av-jvoxxu7x-efa95f9cbc4ebc0cbbc894bd4c8264d6\">\n#top .av_textblock_section.av-jvoxxu7x-efa95f9cbc4ebc0cbbc894bd4c8264d6 .avia_textblock{\ncolor:#1b1b1b;\n}\n<\/style>\n<section  class='av_textblock_section av-jvoxxu7x-efa95f9cbc4ebc0cbbc894bd4c8264d6 '   itemscope=\"itemscope\" itemtype=\"https:\/\/schema.org\/CreativeWork\" ><div class='avia_textblock av_inherit_color'  itemprop=\"text\" ><h3 style=\"text-align: center;\"><strong>Em quais \u00e1reas atuamos?<\/strong><\/h3>\n<\/div><\/section>\n\n<style type=\"text\/css\" data-created_by=\"avia_inline_auto\" id=\"style-css-av-8k4zi-6f3cbc079c9647b08d5b4a77e22e1350\">\n.flex_column.av-8k4zi-6f3cbc079c9647b08d5b4a77e22e1350{\nborder-radius:0px 0px 0px 0px;\npadding:0px 0px 0px 0px;\n}\n<\/style>\n<div  class='flex_column av-8k4zi-6f3cbc079c9647b08d5b4a77e22e1350 av_one_full  avia-builder-el-6  el_after_av_textblock  el_before_av_textblock  first flex_column_div av-zero-column-padding  column-top-margin'     ><style type=\"text\/css\" data-created_by=\"avia_inline_auto\" id=\"style-css-av-296xb2-6e082253e9f2dc94b81d113cd0abe872\">\n#top .av-special-heading.av-296xb2-6e082253e9f2dc94b81d113cd0abe872{\npadding-bottom:10px;\ncolor:#174b87;\nfont-size:30px;\n}\nbody .av-special-heading.av-296xb2-6e082253e9f2dc94b81d113cd0abe872 .av-special-heading-tag .heading-char{\nfont-size:25px;\n}\n#top #wrap_all .av-special-heading.av-296xb2-6e082253e9f2dc94b81d113cd0abe872 .av-special-heading-tag{\nfont-size:30px;\n}\n.av-special-heading.av-296xb2-6e082253e9f2dc94b81d113cd0abe872 .special-heading-inner-border{\nborder-color:#174b87;\n}\n.av-special-heading.av-296xb2-6e082253e9f2dc94b81d113cd0abe872 .av-subheading{\nfont-size:15px;\n}\n\n@media only screen and (min-width: 768px) and (max-width: 989px){ \n#top #wrap_all .av-special-heading.av-296xb2-6e082253e9f2dc94b81d113cd0abe872 .av-special-heading-tag{\nfont-size:25px;\n}\n}\n\n@media only screen and (min-width: 480px) and (max-width: 767px){ \n#top #wrap_all .av-special-heading.av-296xb2-6e082253e9f2dc94b81d113cd0abe872 .av-special-heading-tag{\nfont-size:22px;\n}\n}\n\n@media only screen and (max-width: 479px){ \n#top #wrap_all .av-special-heading.av-296xb2-6e082253e9f2dc94b81d113cd0abe872 .av-special-heading-tag{\nfont-size:20px;\n}\n}\n<\/style>\n<div  class='av-special-heading av-296xb2-6e082253e9f2dc94b81d113cd0abe872 av-special-heading-h5 custom-color-heading blockquote modern-quote modern-centered  avia-builder-el-7  avia-builder-el-no-sibling  av-inherit-size'><h5 class='av-special-heading-tag'  itemprop=\"headline\"  >Estrutura\u00e7\u00e3o de Ativos nacionais e internacionais e quest\u00f5es fiscais<\/h5><div class=\"special-heading-border\"><div class=\"special-heading-inner-border\"><\/div><\/div><\/div><\/div><section  class='av_textblock_section av-jvoxyvml-c93c536c3202657fb181cbd990524f2f '   itemscope=\"itemscope\" itemtype=\"https:\/\/schema.org\/CreativeWork\" ><div class='avia_textblock'  itemprop=\"text\" ><p style=\"text-align: center;\"><strong>A Peters Advogados Associados presta assessoria jur\u00eddica nesta \u00e1rea junto com uma renomada empresa fiduci\u00e1ria, que possui muitos anos de experi\u00eancia em estrutura\u00e7\u00e3o de ativos e quest\u00f5es tribut\u00e1rias.<\/strong><\/p>\n<\/div><\/section>\n<\/div><\/div><\/div><!-- close content main div --><\/div><\/div><div id='after_section_2'  class='main_color av_default_container_wrap container_wrap fullsize'  ><div class='container av-section-cont-open' ><div class='template-page content  av-content-full alpha units'><div class='post-entry post-entry-type-page post-entry-1998'><div class='entry-content-wrapper clearfix'>\n\n<style type=\"text\/css\" data-created_by=\"avia_inline_auto\" id=\"style-css-av-jvoxzp6b-00b374b981263c981c47585a85a91a64\">\n@keyframes av_boxShadowEffect_av-jvoxzp6b-00b374b981263c981c47585a85a91a64-column {\n0%   { box-shadow:  0 0 0 0 #565656; opacity: 1; }\n100% { box-shadow:  0 0 10px 0 #565656; opacity: 1; }\n}\n.flex_column.av-jvoxzp6b-00b374b981263c981c47585a85a91a64{\nbox-shadow: 0 0 10px 0 #565656;\nborder-radius:0px 0px 0px 0px;\npadding:30px 30px 60px 30px;\n}\n<\/style>\n<div  class='flex_column av-jvoxzp6b-00b374b981263c981c47585a85a91a64 av_one_third  avia-builder-el-9  el_after_av_section  el_before_av_one_third  avia-builder-el-first  first flex_column_div shadow-not-animated  '     ><style type=\"text\/css\" data-created_by=\"avia_inline_auto\" id=\"style-css-av-jvoy11wu-182bfca89e047eee172d204e4083f1cf\">\n#top .av_textblock_section.av-jvoy11wu-182bfca89e047eee172d204e4083f1cf .avia_textblock{\ncolor:#1b1b1b;\n}\n<\/style>\n<section  class='av_textblock_section av-jvoy11wu-182bfca89e047eee172d204e4083f1cf '   itemscope=\"itemscope\" itemtype=\"https:\/\/schema.org\/CreativeWork\" ><div class='avia_textblock av_inherit_color'  itemprop=\"text\" ><p style=\"text-align: center;\"><strong>An\u00e1lise de patrim\u00f4nio<\/strong><\/p>\n<\/div><\/section><br \/>\n\n<style type=\"text\/css\" data-created_by=\"avia_inline_auto\" id=\"style-css-av-jvoy11wu-182bfca89e047eee172d204e4083f1cf\">\n#top .av_textblock_section.av-jvoy11wu-182bfca89e047eee172d204e4083f1cf .avia_textblock{\ncolor:#1b1b1b;\n}\n<\/style>\n<section  class='av_textblock_section av-jvoy11wu-182bfca89e047eee172d204e4083f1cf '   itemscope=\"itemscope\" itemtype=\"https:\/\/schema.org\/CreativeWork\" ><div class='avia_textblock av_inherit_color'  itemprop=\"text\" ><ul>\n<li>Apura\u00e7\u00e3o do patrim\u00f4nio<\/li>\n<li>An\u00e1lise dos riscos e avalia\u00e7\u00f5es (mercado, sucess\u00e3o, etc.)<\/li>\n<li>Propostas de estrutura\u00e7\u00e3o<\/li>\n<li>Licita\u00e7\u00f5es e an\u00e1lises para gest\u00e3o de ativos<\/li>\n<li>Monitoramento de gerentes de ativos externos<\/li>\n<\/ul>\n<\/div><\/section><\/p><\/div>\n<style type=\"text\/css\" data-created_by=\"avia_inline_auto\" id=\"style-css-av-jvoxzp6b-1ba15b958f24d6f792723ea5690778a0\">\n@keyframes av_boxShadowEffect_av-jvoxzp6b-1ba15b958f24d6f792723ea5690778a0-column {\n0%   { box-shadow:  0 0 0 0 #565656; opacity: 1; }\n100% { box-shadow:  0 0 10px 0 #565656; opacity: 1; }\n}\n.flex_column.av-jvoxzp6b-1ba15b958f24d6f792723ea5690778a0{\nbox-shadow: 0 0 10px 0 #565656;\nborder-radius:0px 0px 0px 0px;\npadding:30px 30px 10px 30px;\n}\n<\/style>\n<div  class='flex_column av-jvoxzp6b-1ba15b958f24d6f792723ea5690778a0 av_one_third  avia-builder-el-12  el_after_av_one_third  el_before_av_one_third  flex_column_div shadow-not-animated  '     ><style type=\"text\/css\" data-created_by=\"avia_inline_auto\" id=\"style-css-av-jvoy11wu-182bfca89e047eee172d204e4083f1cf\">\n#top .av_textblock_section.av-jvoy11wu-182bfca89e047eee172d204e4083f1cf .avia_textblock{\ncolor:#1b1b1b;\n}\n<\/style>\n<section  class='av_textblock_section av-jvoy11wu-182bfca89e047eee172d204e4083f1cf '   itemscope=\"itemscope\" itemtype=\"https:\/\/schema.org\/CreativeWork\" ><div class='avia_textblock av_inherit_color'  itemprop=\"text\" ><p style=\"text-align: center;\"><strong>Constitui\u00e7\u00e3o e gest\u00e3o de empresas<\/strong><\/p>\n<\/div><\/section><br \/>\n\n<style type=\"text\/css\" data-created_by=\"avia_inline_auto\" id=\"style-css-av-jvoy11wu-182bfca89e047eee172d204e4083f1cf\">\n#top .av_textblock_section.av-jvoy11wu-182bfca89e047eee172d204e4083f1cf .avia_textblock{\ncolor:#1b1b1b;\n}\n<\/style>\n<section  class='av_textblock_section av-jvoy11wu-182bfca89e047eee172d204e4083f1cf '   itemscope=\"itemscope\" itemtype=\"https:\/\/schema.org\/CreativeWork\" ><div class='avia_textblock av_inherit_color'  itemprop=\"text\" ><ul>\n<li>Forma\u00e7\u00e3o de sociedades (todos os tipos de sociedades, desde sociedades individuais at\u00e9 sociedades an\u00f4nimas com a\u00e7\u00f5es negociadas em bolsa)<\/li>\n<li>Elabora\u00e7\u00e3o de estatutos e documentos;<\/li>\n<li>Acordos parassociais<\/li>\n<li>Demonstra\u00e7\u00f5es financeiras anuais<\/li>\n<li>Auditoria anual<\/li>\n<\/ul>\n<\/div><\/section><\/p><\/div>\n<style type=\"text\/css\" data-created_by=\"avia_inline_auto\" id=\"style-css-av-jvoxzp6b-1df2c98bf4f3c0657729170ffaee0d71\">\n@keyframes av_boxShadowEffect_av-jvoxzp6b-1df2c98bf4f3c0657729170ffaee0d71-column {\n0%   { box-shadow:  0 0 0 0 #565656; opacity: 1; }\n100% { box-shadow:  0 0 10px 0 #565656; opacity: 1; }\n}\n.flex_column.av-jvoxzp6b-1df2c98bf4f3c0657729170ffaee0d71{\nbox-shadow: 0 0 10px 0 #565656;\nborder-radius:0px 0px 0px 0px;\npadding:30px 30px 145px 30px;\n}\n<\/style>\n<div  class='flex_column av-jvoxzp6b-1df2c98bf4f3c0657729170ffaee0d71 av_one_third  avia-builder-el-15  el_after_av_one_third  avia-builder-el-last  flex_column_div shadow-not-animated  '     ><style type=\"text\/css\" data-created_by=\"avia_inline_auto\" id=\"style-css-av-jvoy11wu-182bfca89e047eee172d204e4083f1cf\">\n#top .av_textblock_section.av-jvoy11wu-182bfca89e047eee172d204e4083f1cf .avia_textblock{\ncolor:#1b1b1b;\n}\n<\/style>\n<section  class='av_textblock_section av-jvoy11wu-182bfca89e047eee172d204e4083f1cf '   itemscope=\"itemscope\" itemtype=\"https:\/\/schema.org\/CreativeWork\" ><div class='avia_textblock av_inherit_color'  itemprop=\"text\" ><p style=\"text-align: center;\"><strong>Impostos<\/strong><\/p>\n<\/div><\/section><br \/>\n\n<style type=\"text\/css\" data-created_by=\"avia_inline_auto\" id=\"style-css-av-jvoy11wu-182bfca89e047eee172d204e4083f1cf\">\n#top .av_textblock_section.av-jvoy11wu-182bfca89e047eee172d204e4083f1cf .avia_textblock{\ncolor:#1b1b1b;\n}\n<\/style>\n<section  class='av_textblock_section av-jvoy11wu-182bfca89e047eee172d204e4083f1cf '   itemscope=\"itemscope\" itemtype=\"https:\/\/schema.org\/CreativeWork\" ><div class='avia_textblock av_inherit_color'  itemprop=\"text\" ><ul>\n<li>Quest\u00f5es fiscais gerais<\/li>\n<li>Elabora\u00e7\u00e3o de declara\u00e7\u00f5es fiscais (impostos corporativos, de valor agregado e privados)<\/li>\n<li>An\u00e1lise da situa\u00e7\u00e3o fiscal atual<\/li>\n<li>Desenvolvimento de taxrullings<\/li>\n<\/ul>\n<\/div><\/section><\/p><\/div><\/p>\n","protected":false},"excerpt":{"rendered":"","protected":false},"author":4,"featured_media":0,"parent":0,"menu_order":0,"comment_status":"closed","ping_status":"closed","template":"","meta":{"footnotes":""},"class_list":["post-1998","page","type-page","status-publish","hentry"],"yoast_head":"<!-- This site is optimized with the Yoast SEO plugin v19.8 - https:\/\/yoast.com\/wordpress\/plugins\/seo\/ -->\n<title>Peters Advogados Associados | Conselho fiscal e patrimonial em Zurique<\/title>\n<meta name=\"description\" content=\"Conselho fiscal, patrimonial e empresarial. Constitui\u00e7\u00e3o de empresas na Su\u00ed\u00e7a, no Brasil e outros pa\u00edses e todos assuntos com autoridades.\" \/>\n<meta name=\"robots\" content=\"index, follow, max-snippet:-1, max-image-preview:large, max-video-preview:-1\" \/>\n<link rel=\"canonical\" href=\"https:\/\/advpeters.com\/pt-br\/p-estruturacao-nacional-e-internacional-de-ativos\/\" \/>\n<meta property=\"og:locale\" content=\"pt_BR\" \/>\n<meta property=\"og:type\" content=\"article\" \/>\n<meta property=\"og:title\" content=\"Peters Advogados Associados | Conselho fiscal e patrimonial em Zurique\" \/>\n<meta property=\"og:description\" content=\"Conselho fiscal, patrimonial e empresarial. Constitui\u00e7\u00e3o de empresas na Su\u00ed\u00e7a, no Brasil e outros pa\u00edses e todos assuntos com autoridades.\" \/>\n<meta property=\"og:url\" content=\"https:\/\/advpeters.com\/pt-br\/p-estruturacao-nacional-e-internacional-de-ativos\/\" \/>\n<meta property=\"og:site_name\" content=\"ADV Peters\" \/>\n<meta property=\"article:modified_time\" content=\"2019-09-15T10:01:07+00:00\" \/>\n<meta name=\"twitter:card\" content=\"summary_large_image\" \/>\n<meta name=\"twitter:label1\" content=\"Est. tempo de leitura\" \/>\n\t<meta name=\"twitter:data1\" content=\"7 minutos\" \/>\n<script type=\"application\/ld+json\" class=\"yoast-schema-graph\">{\"@context\":\"https:\/\/schema.org\",\"@graph\":[{\"@type\":\"WebPage\",\"@id\":\"https:\/\/advpeters.com\/pt-br\/p-estruturacao-nacional-e-internacional-de-ativos\/\",\"url\":\"https:\/\/advpeters.com\/pt-br\/p-estruturacao-nacional-e-internacional-de-ativos\/\",\"name\":\"Peters Advogados Associados | Conselho fiscal e patrimonial em Zurique\",\"isPartOf\":{\"@id\":\"https:\/\/advpeters.com\/pt-br\/#website\"},\"datePublished\":\"2019-03-20T14:51:09+00:00\",\"dateModified\":\"2019-09-15T10:01:07+00:00\",\"description\":\"Conselho fiscal, patrimonial e empresarial. Constitui\u00e7\u00e3o de empresas na Su\u00ed\u00e7a, no Brasil e outros pa\u00edses e todos assuntos com autoridades.\",\"breadcrumb\":{\"@id\":\"https:\/\/advpeters.com\/pt-br\/p-estruturacao-nacional-e-internacional-de-ativos\/#breadcrumb\"},\"inLanguage\":\"pt-BR\",\"potentialAction\":[{\"@type\":\"ReadAction\",\"target\":[\"https:\/\/advpeters.com\/pt-br\/p-estruturacao-nacional-e-internacional-de-ativos\/\"]}]},{\"@type\":\"BreadcrumbList\",\"@id\":\"https:\/\/advpeters.com\/pt-br\/p-estruturacao-nacional-e-internacional-de-ativos\/#breadcrumb\",\"itemListElement\":[{\"@type\":\"ListItem\",\"position\":1,\"name\":\"Home\",\"item\":\"https:\/\/advpeters.com\/pt-br\/home\/\"},{\"@type\":\"ListItem\",\"position\":2,\"name\":\"P &#8211; ESTRUTURA\u00c7\u00c3O NACIONAL E INTERNACIONAL DE ATIVOS\"}]},{\"@type\":\"WebSite\",\"@id\":\"https:\/\/advpeters.com\/pt-br\/#website\",\"url\":\"https:\/\/advpeters.com\/pt-br\/\",\"name\":\"ADV Peters\",\"description\":\"Anw\u00e4lte-Netzwerk\",\"potentialAction\":[{\"@type\":\"SearchAction\",\"target\":{\"@type\":\"EntryPoint\",\"urlTemplate\":\"https:\/\/advpeters.com\/pt-br\/?s={search_term_string}\"},\"query-input\":\"required name=search_term_string\"}],\"inLanguage\":\"pt-BR\"}]}<\/script>\n<!-- \/ Yoast SEO plugin. -->","yoast_head_json":{"title":"Peters Advogados Associados | Conselho fiscal e patrimonial em Zurique","description":"Conselho fiscal, patrimonial e empresarial. Constitui\u00e7\u00e3o de empresas na Su\u00ed\u00e7a, no Brasil e outros pa\u00edses e todos assuntos com autoridades.","robots":{"index":"index","follow":"follow","max-snippet":"max-snippet:-1","max-image-preview":"max-image-preview:large","max-video-preview":"max-video-preview:-1"},"canonical":"https:\/\/advpeters.com\/pt-br\/p-estruturacao-nacional-e-internacional-de-ativos\/","og_locale":"pt_BR","og_type":"article","og_title":"Peters Advogados Associados | Conselho fiscal e patrimonial em Zurique","og_description":"Conselho fiscal, patrimonial e empresarial. Constitui\u00e7\u00e3o de empresas na Su\u00ed\u00e7a, no Brasil e outros pa\u00edses e todos assuntos com autoridades.","og_url":"https:\/\/advpeters.com\/pt-br\/p-estruturacao-nacional-e-internacional-de-ativos\/","og_site_name":"ADV Peters","article_modified_time":"2019-09-15T10:01:07+00:00","twitter_card":"summary_large_image","twitter_misc":{"Est. tempo de leitura":"7 minutos"},"schema":{"@context":"https:\/\/schema.org","@graph":[{"@type":"WebPage","@id":"https:\/\/advpeters.com\/pt-br\/p-estruturacao-nacional-e-internacional-de-ativos\/","url":"https:\/\/advpeters.com\/pt-br\/p-estruturacao-nacional-e-internacional-de-ativos\/","name":"Peters Advogados Associados | Conselho fiscal e patrimonial em Zurique","isPartOf":{"@id":"https:\/\/advpeters.com\/pt-br\/#website"},"datePublished":"2019-03-20T14:51:09+00:00","dateModified":"2019-09-15T10:01:07+00:00","description":"Conselho fiscal, patrimonial e empresarial. Constitui\u00e7\u00e3o de empresas na Su\u00ed\u00e7a, no Brasil e outros pa\u00edses e todos assuntos com autoridades.","breadcrumb":{"@id":"https:\/\/advpeters.com\/pt-br\/p-estruturacao-nacional-e-internacional-de-ativos\/#breadcrumb"},"inLanguage":"pt-BR","potentialAction":[{"@type":"ReadAction","target":["https:\/\/advpeters.com\/pt-br\/p-estruturacao-nacional-e-internacional-de-ativos\/"]}]},{"@type":"BreadcrumbList","@id":"https:\/\/advpeters.com\/pt-br\/p-estruturacao-nacional-e-internacional-de-ativos\/#breadcrumb","itemListElement":[{"@type":"ListItem","position":1,"name":"Home","item":"https:\/\/advpeters.com\/pt-br\/home\/"},{"@type":"ListItem","position":2,"name":"P &#8211; ESTRUTURA\u00c7\u00c3O NACIONAL E INTERNACIONAL DE ATIVOS"}]},{"@type":"WebSite","@id":"https:\/\/advpeters.com\/pt-br\/#website","url":"https:\/\/advpeters.com\/pt-br\/","name":"ADV Peters","description":"Anw\u00e4lte-Netzwerk","potentialAction":[{"@type":"SearchAction","target":{"@type":"EntryPoint","urlTemplate":"https:\/\/advpeters.com\/pt-br\/?s={search_term_string}"},"query-input":"required name=search_term_string"}],"inLanguage":"pt-BR"}]}},"_links":{"self":[{"href":"https:\/\/advpeters.com\/pt-br\/wp-json\/wp\/v2\/pages\/1998","targetHints":{"allow":["GET"]}}],"collection":[{"href":"https:\/\/advpeters.com\/pt-br\/wp-json\/wp\/v2\/pages"}],"about":[{"href":"https:\/\/advpeters.com\/pt-br\/wp-json\/wp\/v2\/types\/page"}],"author":[{"embeddable":true,"href":"https:\/\/advpeters.com\/pt-br\/wp-json\/wp\/v2\/users\/4"}],"replies":[{"embeddable":true,"href":"https:\/\/advpeters.com\/pt-br\/wp-json\/wp\/v2\/comments?post=1998"}],"version-history":[{"count":23,"href":"https:\/\/advpeters.com\/pt-br\/wp-json\/wp\/v2\/pages\/1998\/revisions"}],"predecessor-version":[{"id":3068,"href":"https:\/\/advpeters.com\/pt-br\/wp-json\/wp\/v2\/pages\/1998\/revisions\/3068"}],"wp:attachment":[{"href":"https:\/\/advpeters.com\/pt-br\/wp-json\/wp\/v2\/media?parent=1998"}],"curies":[{"name":"wp","href":"https:\/\/api.w.org\/{rel}","templated":true}]}}